{"id":7963,"date":"2018-08-02T12:33:42","date_gmt":"2018-08-02T12:33:42","guid":{"rendered":"http:\/\/auberge-du-cedre.com\/partenaires\/"},"modified":"2023-03-02T21:15:02","modified_gmt":"2023-03-02T20:15:02","slug":"partner","status":"publish","type":"page","link":"https:\/\/auberge-du-cedre.com\/de\/partner\/","title":{"rendered":"Unsere Partner"},"content":{"rendered":"<div class=\"wpb-content-wrapper\"><p>[vc_row full_width=&#8220;stretch_row_content_no_spaces&#8220; equal_height=&#8220;yes&#8220; content_placement=&#8220;middle&#8220; css=&#8220;.vc_custom_1533213107863{margin-top: 0px !important;margin-right: 0px !important;margin-bottom: 0px !important;margin-left: 0px !important;border-right-width: 0px !important;border-left-width: 0px !important;padding-top: 0px !important;padding-right: 0px !important;padding-left: 0px !important;}&#8220;][vc_column css=&#8220;.vc_custom_1533213101530{margin-top: 0px !important;margin-bottom: 0px !important;padding-top: 0px !important;padding-right: 15px !important;padding-bottom: 0px !important;padding-left: 15px !important;}&#8220; offset=&#8220;vc_col-xs-12&#8243;][vc_column_text css=&#8220;.vc_custom_1541526969625{padding-right: 65px !important;padding-left: 65px !important;}&#8220;]<\/p>\n<h1><span style=\"color: #808080; font-size: 2.4rem;\">Unsere Partner<\/span><\/h1>\n<p>Wie jedes Jahr, empfangen wir in der Auberge du C\u00e8dre einige Partner, aus Frankreich oder dem Ausland, die hier Ihre eigenen Aktivit\u00e4ten organisieren &#8211; im Park, den Seminarr\u00e4umen, im grossen Seminar- oder Tanzraum gegen\u00fcber im Ch\u00e2teau de Cazeneuve, oder in der Umgebung.<\/p>\n<p>Es gibt regelm\u00e4ssig in der Auberge du C\u00e8dre Seminare oder Meetings, wissenschaftliche Kolloquien von Universit\u00e4ten oder Forschungsinstituten, nur tags\u00fcber oder auch mit \u00dcbernachtung, aber auch Yogakurse, Tangoferien, Sprachkurse, Fortbildungen&#8230;<\/p>\n<p>Hier sind einige Beispiele.[\/vc_column_text][\/vc_column][\/vc_row][vc_row full_width=&#8220;stretch_row_content_no_spaces&#8220; equal_height=&#8220;yes&#8220; content_placement=&#8220;middle&#8220; disable_element=&#8220;yes&#8220; css=&#8220;.vc_custom_1553781927818{padding-top: 50px !important;padding-bottom: 50px !important;background-color: #eaeaea !important;}&#8220;][vc_column width=&#8220;1\/3&#8243; css=&#8220;.vc_custom_1533218920968{margin-top: 0px !important;margin-bottom: 0px !important;padding-top: 0px !important;padding-bottom: 0px !important;}&#8220;][vc_single_image image=&#8220;9129&#8243; img_size=&#8220;500&#215;400&#8243; alignment=&#8220;center&#8220;][\/vc_column][vc_column width=&#8220;2\/3&#8243; css=&#8220;.vc_custom_1533218912953{margin-top: 0px !important;margin-bottom: 0px !important;padding-top: 0px !important;padding-bottom: 0px !important;}&#8220;][vc_column_text css=&#8220;.vc_custom_1552313838702{margin-top: 0px !important;margin-bottom: 0px !important;border-bottom-width: 0px !important;padding-top: 0px !important;padding-right: 65px !important;padding-left: 65px !important;}&#8220;]<\/p>\n<h2>Sommes-nous acteurs de notre stress ?<\/h2>\n<p>Votre poitrine se serre, vous manquez d\u2019air, vous ne supportez plus rien ni personne, vous transpirez par moments sans comprendre pourquoi, votre sommeil est agit\u00e9, peu r\u00e9parateur, \u2026 On vous dit : \u00ab c\u2019est le stress !&#8230; d\u00e9tends-toi !&#8230; \u00bb<br \/>\nMais au fond, qu\u2019est-ce que le stress ?<\/p>\n<p>Le <strong>samedi 23 Mars 2019<\/strong> dans un groupe de 10 personnes maximum, accompagn\u00e9s de Pascale LESNE et Emmanuelle PUGET, vous approcherez :<\/p>\n<ul>\n<li>le fonctionnement de votre cerveau pour comprendre ce qui se passe en vous.<\/li>\n<li>diff\u00e9rentes techniques de relaxation : sophrologie, m\u00e9ditation, Qi-Gong, auto-massages, marche consciente \u2026 que nous pratiquerons ensemble.<\/li>\n<\/ul>\n<p>Contacts : Pascale LESNE, <a href=\"https:\/\/www.facebook.com\/pages\/category\/Health-Beauty\/Arumana-515165322002642\/\">Arumana Massages<\/a><br \/>\nEmmanuelle PUGET <a href=\"https:\/\/www.sophrologiepicsaintloup.com\/\">Sophrologie Pic Saint Loup<\/a><\/p>\n<p>Page Facebook : <a href=\"https:\/\/www.facebook.com\/events\/436347356937871\/\" target=\"_blank\" rel=\"noopener noreferrer\">Sommes-nous acteurs de notre stress ?<\/a>[\/vc_column_text][\/vc_column][\/vc_row][vc_row full_width=&#8220;stretch_row_content_no_spaces&#8220; equal_height=&#8220;yes&#8220; content_placement=&#8220;middle&#8220;][vc_column width=&#8220;1\/3&#8243;][vc_single_image image=&#8220;31104&#8243; alignment=&#8220;center&#8220;][\/vc_column][vc_column width=&#8220;2\/3&#8243;][vc_column_text css=&#8220;.vc_custom_1677788065008{padding-right: 65px !important;padding-left: 65px !important;}&#8220;]<\/p>\n<h2>YogaYatra &#8211; eine Reise in Ihrer Reise.<\/h2>\n<p>Gast in der Auberge zu sein ist allein schon Genuss f\u00fcr alle Sinne.<br \/>\nWelch ein weiterer Genuss, hierbei mit Aufmerksamkeit auch auf sich selbst zu schauen! Mit YogaYatra.<\/p>\n<p>Yoga zeigt Ihnen die Haltung(en) und bringt Sie in Bewegung. Und zu sich selbst.<br \/>\nYatra bedeutet Reise. Der Fr\u00fchling, wenn alles neu beginnt, ist hierf\u00fcr ein guter Moment: mit Yoga die Sonne gr\u00fc\u00dfen, im Wechselspiel von Bewegung und Entspannung die eigene kraftvolle Gelassenheit entdecken. G\u00f6nnen Sie sich eine Woche zum Auftanken neuer Energien.<br \/>\nYogaYatra in der Auberge \u2013 frische Erholung f\u00fcr alle Sinne. \u00a0\u00a0\u00a0\u00a0\u00a0\u00a0 <a href=\"http:\/\/www.auberge-du-cedre.com\/_pdf\/yogayatra.pdf\" target=\"_blank\" rel=\"noopener noreferrer\">mehr\u00a0 d&#8217;infos&#8230;<\/a><\/p>\n<p><strong>08.04. &#8211; 16.04.2023<br \/>\n<\/strong><\/p>\n<p><a href=\"http:\/\/www.yogayatra.de\/\" target=\"_blank\" rel=\"noopener noreferrer\">www.yogayatra.de<\/a>[\/vc_column_text][\/vc_column][\/vc_row][vc_row full_width=&#8220;stretch_row_content_no_spaces&#8220; equal_height=&#8220;yes&#8220; content_placement=&#8220;middle&#8220; css=&#8220;.vc_custom_1533217866488{background-color: #eaeaea !important;}&#8220;][vc_column width=&#8220;1\/3&#8243; css=&#8220;.vc_custom_1533213775505{padding-right: 65px !important;padding-left: 65px !important;}&#8220;][vc_column_text css=&#8220;.vc_custom_1536247366011{margin-top: 0px !important;margin-right: 0px !important;margin-bottom: 0px !important;margin-left: 0px !important;padding-top: 0px !important;padding-right: 65px !important;padding-bottom: 20px !important;padding-left: 65px !important;}&#8220;]<\/p>\n<p style=\"text-align: center;\"><a href=\"http:\/\/yoga-vedic-chanting.de\/mallorca\/suedfrankreich\/%20\" target=\"_blank\" rel=\"noopener noreferrer\"><img decoding=\"async\" title=\"Yoga-Vedic-Chanting\" src=\"http:\/\/www.auberge-du-cedre.com\/_photos\/yoga-vedic.jpg\" alt=\"Yoga-Vedic-Chanting\" \/><\/a><\/p>\n<p>[\/vc_column_text][\/vc_column][vc_column width=&#8220;2\/3&#8243;][vc_column_text css=&#8220;.vc_custom_1642171280877{padding-right: 65px !important;padding-left: 65px !important;}&#8220;]<\/p>\n<h2>Yoga &amp; Vedic Chanting<\/h2>\n<p>Yoga ist ein ganzheitlicher \u00dcbungsweg, der unsere Wahrnehmungsf\u00e4higkeit entwickelt, unser Verst\u00e4ndnis von uns selbst verbessert und uns im Leben gl\u00fccklicher und zufriedener machen kann.<\/p>\n<p>Diese Woche bietet die M\u00f6glichkeit, einen Abstand zum betriebsamen Alltag und, mit den Mitteln des Yoga, Zugang zu den eigenen Ressourcen zu finden. Sich selber erleben in den Bewegungen in Verbindung mit dem gef\u00fchrten Atem birgt ein gro\u00dfes Potential, Aufmerksamkeit f\u00fcr sich selber zu entwickeln. Atem\u00fcbungen und angeleitete Meditationen werden im Laufe der Woche intensiviert.<a href=\"http:\/\/localhost\/AdC\/_pdf\/yogayatra.pdf\" target=\"_blank\" rel=\"noopener noreferrer\"><br \/>\n<\/a><\/p>\n<p><a href=\"http:\/\/yoga-vedic-chanting.de\/mallorca\/suedfrankreich\/\" target=\"_blank\" rel=\"noopener noreferrer\">www.yoga-vedic-chanting.de<\/a>[\/vc_column_text][\/vc_column][\/vc_row][vc_row full_width=&#8220;stretch_row_content_no_spaces&#8220; equal_height=&#8220;yes&#8220; content_placement=&#8220;middle&#8220;][vc_column width=&#8220;1\/3&#8243;][vc_column_text css=&#8220;.vc_custom_1533213782668{margin-top: 0px !important;margin-right: 0px !important;margin-bottom: 0px !important;margin-left: 0px !important;padding-top: 0px !important;padding-right: 65px !important;padding-bottom: 0px !important;padding-left: 65px !important;}&#8220;]<\/p>\n<p style=\"text-align: center;\"><a href=\"https:\/\/www.tangofuego.reisen\/content\/reiseziele\/lauret_-suedfrankreich\/\" target=\"_blank\" rel=\"noopener noreferrer\"><img decoding=\"async\" title=\"TangoFuego\" src=\"http:\/\/www.auberge-du-cedre.com\/_photos\/tango.jpg\" alt=\"TangoFuego\" \/><\/a><\/p>\n<p>[\/vc_column_text][\/vc_column][vc_column width=&#8220;2\/3&#8243;][vc_column_text css=&#8220;.vc_custom_1677788091929{padding-right: 65px !important;padding-left: 65px !important;}&#8220;]<\/p>\n<h2>TangoFuego &#8211; Tango in Osnabr\u00fcck &#8211; Tangoreisen<\/h2>\n<p>Tangoreise nach Lauret, S\u00fcdfrankreich<\/p>\n<p>Bereits im 19. Jahr fahren wir nach S\u00fcdfrankreich! Lauret: ein kleines Dorf im s\u00fcdfranz\u00f6sischen Languedoc. Eine mediterrane H\u00fcgellandschaft voller Weinberge. T\u00e4glich 3 Stunden Unterricht und abends Tango tanzen am Kaminfeuer oder auf Milongas in N\u00eemes und Montpellier.<br \/>\nWir wohnen in der Auberge du C\u00e9dre, dem alten, liebevoll renovierten Herrenhaus eines Weingutes. Individuell eingerichtete Zimmer, offene Kamine, eine lichtdurchflutete Orangerie, ein Pool und herrliche Sonnenterrassen. Dazu ausgezeichnetes Essen und die besten Weine, die in der Region zu finden sind.<br \/>\nTango und S\u00fcdfrankreich von seiner sch\u00f6nsten Seite!<\/p>\n<p><strong>16.09. &#8211; 23.09.2023 \u00a0 +\u00a0 \u00a023.09. &#8211; 30.09.2023\u00a0 +\u00a0 30.09. &#8211; 07.10.2023<br \/>\n<\/strong><\/p>\n<p><a href=\"https:\/\/www.tangofuego.reisen\/content\/reiseziele\/lauret_-suedfrankreich\/\" target=\"_blank\" rel=\"noopener noreferrer\">www.tangofuego.reisen<\/a>[\/vc_column_text][\/vc_column][\/vc_row][vc_row full_width=&#8220;stretch_row_content_no_spaces&#8220; equal_height=&#8220;yes&#8220; content_placement=&#8220;middle&#8220; css=&#8220;.vc_custom_1540479202624{background-color: #eaeaea !important;}&#8220;][vc_column width=&#8220;1\/3&#8243;][vc_single_image image=&#8220;7980&#8243; img_size=&#8220;full&#8220; alignment=&#8220;center&#8220; onclick=&#8220;custom_link&#8220; img_link_target=&#8220;_blank&#8220; link=&#8220;https:\/\/www.wandertouren-frankreich.de\/reise\/languedoc\/pic_saint-loup&#8220;][\/vc_column][vc_column width=&#8220;2\/3&#8243;][vc_column_text css=&#8220;.vc_custom_1540479190388{padding-right: 65px !important;padding-left: 65px !important;}&#8220;]<\/p>\n<h2>Wandertouren &#8211; Frankreich<\/h2>\n<p>Die Spezialisten\u201c f\u00fcr Wanderreisen in Frankreich, mit Sitz in Montpellier. Das Team besteht heute aus drei Mitarbeitern, die die Touren entwickeln und betreuen.<\/p>\n<p>Viele der Reiseziele befinden sich deshalb in S\u00fcdfrankreich, in der Provence, den Pyren\u00e4en, Cevennen und im Hinterland von Montpellier. Mittlerweile bietet Wandertouren Wanderungen in (beinahe) ganz Frankreich an. Die genaue Kenntnis der \u00f6rtlichen Gegebenheiten, der gute und pers\u00f6nliche Kontakt zu denfranz\u00f6sischen Partnern und die ganzj\u00e4hrige Pr\u00e4senz in Ihrem Urlaubsland bzw. unserer Heimat kommen Ihnen bei der Vorbereitung und Durchf\u00fchrung der Reise zugute.<\/p>\n<p><a href=\"https:\/\/www.wandertouren-frankreich.de\/reise\/languedoc\/pic_saint-loup\" target=\"_blank\" rel=\"noopener noreferrer\">www.wandertouren-frankreich.de<\/a>[\/vc_column_text][\/vc_column][\/vc_row][vc_row full_width=&#8220;stretch_row_content_no_spaces&#8220; equal_height=&#8220;yes&#8220; content_placement=&#8220;middle&#8220; disable_element=&#8220;yes&#8220;][vc_column width=&#8220;1\/3&#8243;][vc_column_text css=&#8220;.vc_custom_1533217436386{margin-top: 0px !important;margin-right: 0px !important;margin-bottom: 0px !important;margin-left: 0px !important;padding-top: 0px !important;padding-right: 65px !important;padding-bottom: 0px !important;padding-left: 65px !important;}&#8220;]<\/p>\n<p style=\"text-align: center;\"><img decoding=\"async\" title=\"Espace Yoga\" src=\"http:\/\/www.auberge-du-cedre.com\/_photos\/espaceyoga.jpg\" alt=\"Espace Yoga\" \/><\/p>\n<p>[\/vc_column_text][\/vc_column][vc_column width=&#8220;2\/3&#8243;][vc_column_text css=&#8220;.vc_custom_1568899939488{padding-right: 65px !important;padding-left: 65px !important;}&#8220;]<\/p>\n<h2>Espace Yoga<\/h2>\n<p>Catherine MASSON enseigne le Yoga en cours individuels, collectifs et lors de stages<br \/>\nLe Yoga enseign\u00e9 par Catherine MASSON, discipline mill\u00e9naire de tradition indienne, est adapt\u00e9 \u00e0 nos racines occidentales. Son enseignement est le fruit d&#8217;un transmission de Patrick TOMATIS de la lign\u00e9e Nil HAOUTOFF et de R\u00e9nata FARAH disciple de Karlfried GRAF D\u00dcRCKHEIM.<\/p>\n<p><a href=\"http:\/\/www.espaceyoga.org\/\" target=\"_blank\" rel=\"noopener noreferrer\">www.espaceyoga.org<\/a>[\/vc_column_text][\/vc_column][\/vc_row][vc_row full_width=&#8220;stretch_row_content_no_spaces&#8220; equal_height=&#8220;yes&#8220; content_placement=&#8220;middle&#8220; css=&#8220;.vc_custom_1540482768993{background-color: #eaeaea !important;}&#8220;][vc_column width=&#8220;1\/3&#8243;][vc_column_text css=&#8220;.vc_custom_1533217500440{margin-top: 0px !important;margin-right: 0px !important;margin-bottom: 0px !important;margin-left: 0px !important;padding-top: 0px !important;padding-right: 65px !important;padding-bottom: 0px !important;padding-left: 65px !important;}&#8220;]<\/p>\n<p style=\"text-align: center;\"><a href=\"http:\/\/www.tela-botanica.org\/\" target=\"_blank\" rel=\"noopener noreferrer\"><img decoding=\"async\" title=\"Tela Botanica\" src=\"http:\/\/www.auberge-du-cedre.com\/_photos\/tela.png\" alt=\"Tela Botanica\" \/><\/a><\/p>\n<p>[\/vc_column_text][\/vc_column][vc_column width=&#8220;2\/3&#8243;][vc_column_text css=&#8220;.vc_custom_1540478543613{padding-right: 65px !important;padding-left: 65px !important;}&#8220;]<\/p>\n<h2>Tela Botanica &#8211; le r\u00e9seau des botanistes francophones<\/h2>\n<p>Botanik &#8211; sich weiterbilden, identifizieren, wilde Pflanzen&#8230;<\/p>\n<p>Amateur-Botaniker, Hauptberuflicher, Lehrer, entdecken Sie die essentiellen Ressourcen der Pflanzenwelt. Verwenden Sie sie, bereichern Sie sie &#8211; der ganze Botanische Inhalt ist lizenzfrei.<\/p>\n<p>&nbsp;<\/p>\n<p><a href=\"http:\/\/www.tela-botanica.org\/\" target=\"_blank\" rel=\"noopener noreferrer\">www.tela-botanica.org<\/a>[\/vc_column_text][\/vc_column][\/vc_row]<\/p>\n<\/div>","protected":false},"excerpt":{"rendered":"<p>[vc_row full_width=&#8220;stretch_row_content_no_spaces&#8220; equal_height=&#8220;yes&#8220; content_placement=&#8220;middle&#8220; css=&#8220;.vc_custom_1533213107863{margin-top: 0px !important;margin-right: 0px !important;margin-bottom: 0px !important;margin-left: 0px !important;border-right-width: 0px !important;border-left-width: 0px !important;padding-top: 0px !important;padding-right: 0px !important;padding-left: 0px !important;}&#8220;][vc_column css=&#8220;.vc_custom_1533213101530{margin-top: 0px !important;margin-bottom: 0px !important;padding-top: 0px !important;padding-right: 15px !important;padding-bottom: 0px !important;padding-left: 15px !important;}&#8220; offset=&#8220;vc_col-xs-12&#8243;][vc_column_text css=&#8220;.vc_custom_1541526969625{padding-right: 65px !important;padding-left: 65px !important;}&#8220;] Unsere Partner Wie jedes Jahr, empfangen wir in der Auberge du C\u00e8dre einige [&hellip;]<\/p>\n","protected":false},"author":1,"featured_media":0,"parent":0,"menu_order":0,"comment_status":"closed","ping_status":"closed","template":"","meta":{"footnotes":""},"class_list":["post-7963","page","type-page","status-publish","hentry"],"yoast_head":"<!-- This site is optimized with the Yoast SEO plugin v27.5 - https:\/\/yoast.com\/product\/yoast-seo-wordpress\/ -->\n<title>Unsere Partner - Auberge du C\u00e8dre | H\u00f4tel &amp; Restaurant en Pic Saint-Loup<\/title>\n<meta name=\"robots\" content=\"index, follow, max-snippet:-1, max-image-preview:large, max-video-preview:-1\" \/>\n<link rel=\"canonical\" href=\"https:\/\/auberge-du-cedre.com\/de\/partner\/\" \/>\n<meta property=\"og:locale\" content=\"de_DE\" \/>\n<meta property=\"og:type\" content=\"article\" \/>\n<meta property=\"og:title\" content=\"Unsere Partner - Auberge du C\u00e8dre | H\u00f4tel &amp; Restaurant en Pic Saint-Loup\" \/>\n<meta property=\"og:description\" content=\"[vc_row full_width=&#8220;stretch_row_content_no_spaces&#8220; equal_height=&#8220;yes&#8220; content_placement=&#8220;middle&#8220; css=&#8220;.vc_custom_1533213107863{margin-top: 0px !important;margin-right: 0px !important;margin-bottom: 0px !important;margin-left: 0px !important;border-right-width: 0px !important;border-left-width: 0px !important;padding-top: 0px !important;padding-right: 0px !important;padding-left: 0px !important;}&#8220;][vc_column css=&#8220;.vc_custom_1533213101530{margin-top: 0px !important;margin-bottom: 0px !important;padding-top: 0px !important;padding-right: 15px !important;padding-bottom: 0px !important;padding-left: 15px !important;}&#8220; offset=&#8220;vc_col-xs-12&#8243;][vc_column_text css=&#8220;.vc_custom_1541526969625{padding-right: 65px !important;padding-left: 65px !important;}&#8220;] Unsere Partner Wie jedes Jahr, empfangen wir in der Auberge du C\u00e8dre einige [&hellip;]\" \/>\n<meta property=\"og:url\" content=\"https:\/\/auberge-du-cedre.com\/de\/partner\/\" \/>\n<meta property=\"og:site_name\" content=\"Auberge du C\u00e8dre | H\u00f4tel &amp; Restaurant en Pic Saint-Loup\" \/>\n<meta property=\"article:publisher\" content=\"https:\/\/www.facebook.com\/aubergeducedre\" \/>\n<meta property=\"article:modified_time\" content=\"2023-03-02T20:15:02+00:00\" \/>\n<meta property=\"og:image\" content=\"http:\/\/www.auberge-du-cedre.com\/_photos\/yoga-vedic.jpg\" \/>\n<meta name=\"twitter:card\" content=\"summary_large_image\" \/>\n<meta name=\"twitter:label1\" content=\"Gesch\u00e4tzte Lesezeit\" \/>\n\t<meta name=\"twitter:data1\" content=\"6\u00a0Minuten\" \/>\n<script type=\"application\/ld+json\" class=\"yoast-schema-graph\">{\"@context\":\"https:\\\/\\\/schema.org\",\"@graph\":[{\"@type\":\"WebPage\",\"@id\":\"https:\\\/\\\/auberge-du-cedre.com\\\/de\\\/partner\\\/\",\"url\":\"https:\\\/\\\/auberge-du-cedre.com\\\/de\\\/partner\\\/\",\"name\":\"Unsere Partner - Auberge du C\u00e8dre | H\u00f4tel &amp; Restaurant en Pic Saint-Loup\",\"isPartOf\":{\"@id\":\"https:\\\/\\\/auberge-du-cedre.com\\\/#website\"},\"primaryImageOfPage\":{\"@id\":\"https:\\\/\\\/auberge-du-cedre.com\\\/de\\\/partner\\\/#primaryimage\"},\"image\":{\"@id\":\"https:\\\/\\\/auberge-du-cedre.com\\\/de\\\/partner\\\/#primaryimage\"},\"thumbnailUrl\":\"http:\\\/\\\/www.auberge-du-cedre.com\\\/_photos\\\/yoga-vedic.jpg\",\"datePublished\":\"2018-08-02T12:33:42+00:00\",\"dateModified\":\"2023-03-02T20:15:02+00:00\",\"breadcrumb\":{\"@id\":\"https:\\\/\\\/auberge-du-cedre.com\\\/de\\\/partner\\\/#breadcrumb\"},\"inLanguage\":\"de\",\"potentialAction\":[{\"@type\":\"ReadAction\",\"target\":[\"https:\\\/\\\/auberge-du-cedre.com\\\/de\\\/partner\\\/\"]}]},{\"@type\":\"ImageObject\",\"inLanguage\":\"de\",\"@id\":\"https:\\\/\\\/auberge-du-cedre.com\\\/de\\\/partner\\\/#primaryimage\",\"url\":\"http:\\\/\\\/www.auberge-du-cedre.com\\\/_photos\\\/yoga-vedic.jpg\",\"contentUrl\":\"http:\\\/\\\/www.auberge-du-cedre.com\\\/_photos\\\/yoga-vedic.jpg\"},{\"@type\":\"BreadcrumbList\",\"@id\":\"https:\\\/\\\/auberge-du-cedre.com\\\/de\\\/partner\\\/#breadcrumb\",\"itemListElement\":[{\"@type\":\"ListItem\",\"position\":1,\"name\":\"Accueil\",\"item\":\"https:\\\/\\\/auberge-du-cedre.com\\\/de\\\/\"},{\"@type\":\"ListItem\",\"position\":2,\"name\":\"Unsere Partner\"}]},{\"@type\":\"WebSite\",\"@id\":\"https:\\\/\\\/auberge-du-cedre.com\\\/#website\",\"url\":\"https:\\\/\\\/auberge-du-cedre.com\\\/\",\"name\":\"Auberge du C\u00e8dre | H\u00f4tel &amp; Restaurant en Pic Saint-Loup\",\"description\":\"Languedoc\",\"potentialAction\":[{\"@type\":\"SearchAction\",\"target\":{\"@type\":\"EntryPoint\",\"urlTemplate\":\"https:\\\/\\\/auberge-du-cedre.com\\\/?s={search_term_string}\"},\"query-input\":{\"@type\":\"PropertyValueSpecification\",\"valueRequired\":true,\"valueName\":\"search_term_string\"}}],\"inLanguage\":\"de\"}]}<\/script>\n<!-- \/ Yoast SEO plugin. -->","yoast_head_json":{"title":"Unsere Partner - Auberge du C\u00e8dre | H\u00f4tel &amp; Restaurant en Pic Saint-Loup","robots":{"index":"index","follow":"follow","max-snippet":"max-snippet:-1","max-image-preview":"max-image-preview:large","max-video-preview":"max-video-preview:-1"},"canonical":"https:\/\/auberge-du-cedre.com\/de\/partner\/","og_locale":"de_DE","og_type":"article","og_title":"Unsere Partner - Auberge du C\u00e8dre | H\u00f4tel &amp; Restaurant en Pic Saint-Loup","og_description":"[vc_row full_width=&#8220;stretch_row_content_no_spaces&#8220; equal_height=&#8220;yes&#8220; content_placement=&#8220;middle&#8220; css=&#8220;.vc_custom_1533213107863{margin-top: 0px !important;margin-right: 0px !important;margin-bottom: 0px !important;margin-left: 0px !important;border-right-width: 0px !important;border-left-width: 0px !important;padding-top: 0px !important;padding-right: 0px !important;padding-left: 0px !important;}&#8220;][vc_column css=&#8220;.vc_custom_1533213101530{margin-top: 0px !important;margin-bottom: 0px !important;padding-top: 0px !important;padding-right: 15px !important;padding-bottom: 0px !important;padding-left: 15px !important;}&#8220; offset=&#8220;vc_col-xs-12&#8243;][vc_column_text css=&#8220;.vc_custom_1541526969625{padding-right: 65px !important;padding-left: 65px !important;}&#8220;] Unsere Partner Wie jedes Jahr, empfangen wir in der Auberge du C\u00e8dre einige [&hellip;]","og_url":"https:\/\/auberge-du-cedre.com\/de\/partner\/","og_site_name":"Auberge du C\u00e8dre | H\u00f4tel &amp; Restaurant en Pic Saint-Loup","article_publisher":"https:\/\/www.facebook.com\/aubergeducedre","article_modified_time":"2023-03-02T20:15:02+00:00","og_image":[{"url":"http:\/\/www.auberge-du-cedre.com\/_photos\/yoga-vedic.jpg","type":"","width":"","height":""}],"twitter_card":"summary_large_image","twitter_misc":{"Gesch\u00e4tzte Lesezeit":"6\u00a0Minuten"},"schema":{"@context":"https:\/\/schema.org","@graph":[{"@type":"WebPage","@id":"https:\/\/auberge-du-cedre.com\/de\/partner\/","url":"https:\/\/auberge-du-cedre.com\/de\/partner\/","name":"Unsere Partner - Auberge du C\u00e8dre | H\u00f4tel &amp; Restaurant en Pic Saint-Loup","isPartOf":{"@id":"https:\/\/auberge-du-cedre.com\/#website"},"primaryImageOfPage":{"@id":"https:\/\/auberge-du-cedre.com\/de\/partner\/#primaryimage"},"image":{"@id":"https:\/\/auberge-du-cedre.com\/de\/partner\/#primaryimage"},"thumbnailUrl":"http:\/\/www.auberge-du-cedre.com\/_photos\/yoga-vedic.jpg","datePublished":"2018-08-02T12:33:42+00:00","dateModified":"2023-03-02T20:15:02+00:00","breadcrumb":{"@id":"https:\/\/auberge-du-cedre.com\/de\/partner\/#breadcrumb"},"inLanguage":"de","potentialAction":[{"@type":"ReadAction","target":["https:\/\/auberge-du-cedre.com\/de\/partner\/"]}]},{"@type":"ImageObject","inLanguage":"de","@id":"https:\/\/auberge-du-cedre.com\/de\/partner\/#primaryimage","url":"http:\/\/www.auberge-du-cedre.com\/_photos\/yoga-vedic.jpg","contentUrl":"http:\/\/www.auberge-du-cedre.com\/_photos\/yoga-vedic.jpg"},{"@type":"BreadcrumbList","@id":"https:\/\/auberge-du-cedre.com\/de\/partner\/#breadcrumb","itemListElement":[{"@type":"ListItem","position":1,"name":"Accueil","item":"https:\/\/auberge-du-cedre.com\/de\/"},{"@type":"ListItem","position":2,"name":"Unsere Partner"}]},{"@type":"WebSite","@id":"https:\/\/auberge-du-cedre.com\/#website","url":"https:\/\/auberge-du-cedre.com\/","name":"Auberge du C\u00e8dre | H\u00f4tel &amp; Restaurant en Pic Saint-Loup","description":"Languedoc","potentialAction":[{"@type":"SearchAction","target":{"@type":"EntryPoint","urlTemplate":"https:\/\/auberge-du-cedre.com\/?s={search_term_string}"},"query-input":{"@type":"PropertyValueSpecification","valueRequired":true,"valueName":"search_term_string"}}],"inLanguage":"de"}]}},"_links":{"self":[{"href":"https:\/\/auberge-du-cedre.com\/de\/wp-json\/wp\/v2\/pages\/7963","targetHints":{"allow":["GET"]}}],"collection":[{"href":"https:\/\/auberge-du-cedre.com\/de\/wp-json\/wp\/v2\/pages"}],"about":[{"href":"https:\/\/auberge-du-cedre.com\/de\/wp-json\/wp\/v2\/types\/page"}],"author":[{"embeddable":true,"href":"https:\/\/auberge-du-cedre.com\/de\/wp-json\/wp\/v2\/users\/1"}],"replies":[{"embeddable":true,"href":"https:\/\/auberge-du-cedre.com\/de\/wp-json\/wp\/v2\/comments?post=7963"}],"version-history":[{"count":18,"href":"https:\/\/auberge-du-cedre.com\/de\/wp-json\/wp\/v2\/pages\/7963\/revisions"}],"predecessor-version":[{"id":31502,"href":"https:\/\/auberge-du-cedre.com\/de\/wp-json\/wp\/v2\/pages\/7963\/revisions\/31502"}],"wp:attachment":[{"href":"https:\/\/auberge-du-cedre.com\/de\/wp-json\/wp\/v2\/media?parent=7963"}],"curies":[{"name":"wp","href":"https:\/\/api.w.org\/{rel}","templated":true}]}}