{"id":8088,"date":"2018-08-06T20:10:14","date_gmt":"2018-08-06T20:10:14","guid":{"rendered":"http:\/\/auberge-du-cedre.com\/titres-labels\/"},"modified":"2026-03-11T10:13:24","modified_gmt":"2026-03-11T09:13:24","slug":"labels","status":"publish","type":"page","link":"https:\/\/auberge-du-cedre.com\/de\/labels\/","title":{"rendered":"Labels"},"content":{"rendered":"<div class=\"wpb-content-wrapper\"><p>[vc_row full_width=&#8220;stretch_row_content_no_spaces&#8220; equal_height=&#8220;yes&#8220; content_placement=&#8220;middle&#8220; css=&#8220;.vc_custom_1541436102336{background-color: #f7f2f2 !important;}&#8220;][vc_column width=&#8220;1\/3&#8243; offset=&#8220;vc_hidden-lg vc_hidden-md vc_hidden-sm vc_hidden-xs&#8220;][vc_column_text css=&#8220;.vc_custom_1728820788480{padding-top: 20px !important;padding-right: 65px !important;padding-bottom: 20px !important;padding-left: 65px !important;}&#8220;]<img loading=\"lazy\" decoding=\"async\" class=\"alignnone size-full wp-image-33304 aligncenter\" src=\"https:\/\/auberge-du-cedre.com\/wp-content\/uploads\/2024\/10\/clef-verte-275x125-1.png\" alt=\"\" width=\"275\" height=\"125\" \/>[\/vc_column_text][\/vc_column][vc_column width=&#8220;2\/3&#8243; offset=&#8220;vc_hidden-lg vc_hidden-md vc_hidden-sm vc_hidden-xs&#8220;][vc_column_text css=&#8220;.vc_custom_1541435705377{padding-right: 65px !important;padding-bottom: 20px !important;padding-left: 65px !important;}&#8220;]<\/p>\n<h2>Clef Verte &#8211; <em>Green Key<\/em><\/h2>\n<p>Unsere Umwelt liegt uns am Herzen und wir versuchen sie so weit wie m\u00f6glich zu respektieren. Seit 2014 haben wir uns engagiert unseren <span id=\"result_box\" class=\"short_text\" lang=\"de\"><span class=\"\">\u00f6kologischen Fu\u00dfabdruck <\/span><\/span>zu reduzieren und eine nachhaltige Entwicklung zu f\u00f6rdern. Diese Bem\u00fchungen wurden 2016 mit dem Umweltzeichen <em>Clef Verte<\/em> anerkannt.[\/vc_column_text][\/vc_column][\/vc_row][vc_row full_width=&#8220;stretch_row_content_no_spaces&#8220; equal_height=&#8220;yes&#8220; content_placement=&#8220;middle&#8220;][vc_column width=&#8220;1\/3&#8243; offset=&#8220;vc_hidden-lg vc_hidden-md vc_hidden-sm vc_hidden-xs&#8220;][vc_single_image image=&#8220;8195&#8243; img_size=&#8220;275pxx125px&#8220; alignment=&#8220;center&#8220;][\/vc_column][vc_column width=&#8220;2\/3&#8243; offset=&#8220;vc_hidden-lg vc_hidden-md vc_hidden-sm vc_hidden-xs&#8220;][vc_column_text css=&#8220;.vc_custom_1541435677387{margin-top: 0px !important;border-top-width: 0px !important;padding-top: 0px !important;padding-right: 65px !important;padding-bottom: 20px !important;padding-left: 65px !important;}&#8220;]<\/p>\n<h2>Ma\u00eetre Restaurateur<\/h2>\n<p>Hier ist alles hausgemacht! Der Titel <em>Ma\u00eetre Restaurateur<\/em> ist eine staatliche Anerkennung f\u00fcr die franz\u00f6sische handwerkliche Gastronomie.<\/p>\n<p>Die Idee dahinter ist eine bessere Erkenntlichkeit der verschiedenen Arten der Gastronomie zu erreichen und die wahre handwerkliche &#8222;hausgemachte&#8220; K\u00fcche herauszustellen, wo rohe Produkte von erfahrenen K\u00f6chen zu hochwertigen Gerichten verarbeitet werden.<\/p>\n<p>Das heisst hier, in der Auberge, ist tats\u00e4chlich alles &#8222;fait maison&#8220;: unsere <a href=\"\/wp2?page_id=4087&amp;lang=de\" target=\"_blank\" rel=\"noopener\">5 K\u00f6che<\/a> bereiten jeden Tag von A bis Z, was Sie in Ihrem Teller finden.[\/vc_column_text][\/vc_column][\/vc_row][vc_row full_width=&#8220;stretch_row_content_no_spaces&#8220; equal_height=&#8220;yes&#8220; content_placement=&#8220;middle&#8220; css=&#8220;.vc_custom_1541436121606{background-color: #f7f2f2 !important;}&#8220;][vc_column width=&#8220;1\/3&#8243;][vc_single_image image=&#8220;8106&#8243; img_size=&#8220;220pxx114px&#8220; alignment=&#8220;center&#8220;][\/vc_column][vc_column width=&#8220;2\/3&#8243;][vc_column_text css=&#8220;.vc_custom_1541435687248{padding-right: 65px !important;padding-bottom: 20px !important;padding-left: 65px !important;}&#8220;]<\/p>\n<h2>Qualit\u00e9 Tourisme Sud de France<\/h2>\n<p>Das Label <em>Tourisme Sud de France<\/em> hat sich zum Ziel gesetzt die Unternehmen der Region Occitanie zu f\u00f6rdern und die allgemeine Qualit\u00e4t des Tourismus zu verbessern.[\/vc_column_text][\/vc_column][\/vc_row][vc_row full_width=&#8220;stretch_row_content_no_spaces&#8220; equal_height=&#8220;yes&#8220; content_placement=&#8220;middle&#8220;][vc_column width=&#8220;1\/3&#8243;][vc_column_text css=&#8220;.vc_custom_1533666019052{padding-top: 20px !important;padding-right: 65px !important;padding-bottom: 20px !important;padding-left: 65px !important;}&#8220;]<\/p>\n<div id=\"TA_greenleader411\" class=\"TA_greenleader\" align=\"center\">\n<ul id=\"OuotIQW\" class=\"TA_links BHa1q1ki\">\n<li id=\"Fld3aWpAZ5H\" class=\"CtJ72BXe8dPB\"><a href=\"https:\/\/www.tripadvisor.fr\/\" target=\"_blank\" rel=\"noopener\"><img decoding=\"async\" id=\"S_GREEN_LEADER_LOGO\" class=\"widGRNImg aligncenter\" src=\"https:\/\/www.tripadvisor.fr\/img\/cdsi\/langs\/awards\/GreenLeaders_Logo-17354-2.png\" alt=\"TripAdvisor\" \/><\/a><\/li>\n<\/ul>\n<\/div>\n<p><script async src=\"https:\/\/www.jscache.com\/wejs?wtype=greenleader&amp;uniq=411&amp;locationId=483542&amp;lang=fr&amp;border=true&amp;display_version=2\"><\/script>[\/vc_column_text][\/vc_column][vc_column width=&#8220;2\/3&#8243;][vc_column_text css=&#8220;.vc_custom_1541435736134{padding-right: 65px !important;padding-bottom: 30px !important;padding-left: 65px !important;}&#8220;]<\/p>\n<h2>EcoLeader TripAdvisor<\/h2>\n<p>Die Hotels im Programm EcoLeaders von TripAdvisor respektieren eine Anzahl von Umwelt-Normen die von TripAdvisor mit einer spezialisierten Agentur festgelegt wurden. Je weiter ein Hotel diese Anforderungen erf\u00fcllt, umso h\u00f6her ist sein Niveau \u00c9coLeader.[\/vc_column_text][\/vc_column][\/vc_row]<\/p>\n<\/div>","protected":false},"excerpt":{"rendered":"<p>[vc_row full_width=&#8220;stretch_row_content_no_spaces&#8220; equal_height=&#8220;yes&#8220; content_placement=&#8220;middle&#8220; css=&#8220;.vc_custom_1541436102336{background-color: #f7f2f2 !important;}&#8220;][vc_column width=&#8220;1\/3&#8243; offset=&#8220;vc_hidden-lg vc_hidden-md vc_hidden-sm vc_hidden-xs&#8220;][vc_column_text css=&#8220;.vc_custom_1728820788480{padding-top: 20px !important;padding-right: 65px !important;padding-bottom: 20px !important;padding-left: 65px !important;}&#8220;][\/vc_column_text][\/vc_column][vc_column width=&#8220;2\/3&#8243; offset=&#8220;vc_hidden-lg vc_hidden-md vc_hidden-sm vc_hidden-xs&#8220;][vc_column_text css=&#8220;.vc_custom_1541435705377{padding-right: 65px !important;padding-bottom: 20px !important;padding-left: 65px !important;}&#8220;] Clef Verte &#8211; Green Key Unsere Umwelt liegt uns am Herzen und wir versuchen sie so weit wie m\u00f6glich zu respektieren. Seit [&hellip;]<\/p>\n","protected":false},"author":1,"featured_media":0,"parent":0,"menu_order":0,"comment_status":"closed","ping_status":"closed","template":"","meta":{"footnotes":""},"class_list":["post-8088","page","type-page","status-publish","hentry"],"yoast_head":"<!-- This site is optimized with the Yoast SEO plugin v27.5 - https:\/\/yoast.com\/product\/yoast-seo-wordpress\/ -->\n<title>Labels - Auberge du C\u00e8dre | H\u00f4tel &amp; Restaurant en Pic Saint-Loup<\/title>\n<meta name=\"robots\" content=\"index, follow, max-snippet:-1, max-image-preview:large, max-video-preview:-1\" \/>\n<link rel=\"canonical\" href=\"https:\/\/auberge-du-cedre.com\/de\/labels\/\" \/>\n<meta property=\"og:locale\" content=\"de_DE\" \/>\n<meta property=\"og:type\" content=\"article\" \/>\n<meta property=\"og:title\" content=\"Labels - Auberge du C\u00e8dre | H\u00f4tel &amp; Restaurant en Pic Saint-Loup\" \/>\n<meta property=\"og:description\" content=\"[vc_row full_width=&#8220;stretch_row_content_no_spaces&#8220; equal_height=&#8220;yes&#8220; content_placement=&#8220;middle&#8220; css=&#8220;.vc_custom_1541436102336{background-color: #f7f2f2 !important;}&#8220;][vc_column width=&#8220;1\/3&#8243; offset=&#8220;vc_hidden-lg vc_hidden-md vc_hidden-sm vc_hidden-xs&#8220;][vc_column_text css=&#8220;.vc_custom_1728820788480{padding-top: 20px !important;padding-right: 65px !important;padding-bottom: 20px !important;padding-left: 65px !important;}&#8220;][\/vc_column_text][\/vc_column][vc_column width=&#8220;2\/3&#8243; offset=&#8220;vc_hidden-lg vc_hidden-md vc_hidden-sm vc_hidden-xs&#8220;][vc_column_text css=&#8220;.vc_custom_1541435705377{padding-right: 65px !important;padding-bottom: 20px !important;padding-left: 65px !important;}&#8220;] Clef Verte &#8211; Green Key Unsere Umwelt liegt uns am Herzen und wir versuchen sie so weit wie m\u00f6glich zu respektieren. Seit [&hellip;]\" \/>\n<meta property=\"og:url\" content=\"https:\/\/auberge-du-cedre.com\/de\/labels\/\" \/>\n<meta property=\"og:site_name\" content=\"Auberge du C\u00e8dre | H\u00f4tel &amp; Restaurant en Pic Saint-Loup\" \/>\n<meta property=\"article:publisher\" content=\"https:\/\/www.facebook.com\/aubergeducedre\" \/>\n<meta property=\"article:modified_time\" content=\"2026-03-11T09:13:24+00:00\" \/>\n<meta property=\"og:image\" content=\"https:\/\/auberge-du-cedre.com\/wp-content\/uploads\/2024\/10\/clef-verte-275x125-1.png\" \/>\n\t<meta property=\"og:image:width\" content=\"275\" \/>\n\t<meta property=\"og:image:height\" content=\"125\" \/>\n\t<meta property=\"og:image:type\" content=\"image\/png\" \/>\n<meta name=\"twitter:card\" content=\"summary_large_image\" \/>\n<meta name=\"twitter:label1\" content=\"Gesch\u00e4tzte Lesezeit\" \/>\n\t<meta name=\"twitter:data1\" content=\"3\u00a0Minuten\" \/>\n<script type=\"application\/ld+json\" class=\"yoast-schema-graph\">{\"@context\":\"https:\\\/\\\/schema.org\",\"@graph\":[{\"@type\":\"WebPage\",\"@id\":\"https:\\\/\\\/auberge-du-cedre.com\\\/de\\\/labels\\\/\",\"url\":\"https:\\\/\\\/auberge-du-cedre.com\\\/de\\\/labels\\\/\",\"name\":\"Labels - Auberge du C\u00e8dre | H\u00f4tel &amp; Restaurant en Pic Saint-Loup\",\"isPartOf\":{\"@id\":\"https:\\\/\\\/auberge-du-cedre.com\\\/#website\"},\"primaryImageOfPage\":{\"@id\":\"https:\\\/\\\/auberge-du-cedre.com\\\/de\\\/labels\\\/#primaryimage\"},\"image\":{\"@id\":\"https:\\\/\\\/auberge-du-cedre.com\\\/de\\\/labels\\\/#primaryimage\"},\"thumbnailUrl\":\"https:\\\/\\\/auberge-du-cedre.com\\\/wp-content\\\/uploads\\\/2024\\\/10\\\/clef-verte-275x125-1.png\",\"datePublished\":\"2018-08-06T20:10:14+00:00\",\"dateModified\":\"2026-03-11T09:13:24+00:00\",\"breadcrumb\":{\"@id\":\"https:\\\/\\\/auberge-du-cedre.com\\\/de\\\/labels\\\/#breadcrumb\"},\"inLanguage\":\"de\",\"potentialAction\":[{\"@type\":\"ReadAction\",\"target\":[\"https:\\\/\\\/auberge-du-cedre.com\\\/de\\\/labels\\\/\"]}]},{\"@type\":\"ImageObject\",\"inLanguage\":\"de\",\"@id\":\"https:\\\/\\\/auberge-du-cedre.com\\\/de\\\/labels\\\/#primaryimage\",\"url\":\"https:\\\/\\\/auberge-du-cedre.com\\\/wp-content\\\/uploads\\\/2024\\\/10\\\/clef-verte-275x125-1.png\",\"contentUrl\":\"https:\\\/\\\/auberge-du-cedre.com\\\/wp-content\\\/uploads\\\/2024\\\/10\\\/clef-verte-275x125-1.png\"},{\"@type\":\"BreadcrumbList\",\"@id\":\"https:\\\/\\\/auberge-du-cedre.com\\\/de\\\/labels\\\/#breadcrumb\",\"itemListElement\":[{\"@type\":\"ListItem\",\"position\":1,\"name\":\"Accueil\",\"item\":\"https:\\\/\\\/auberge-du-cedre.com\\\/de\\\/\"},{\"@type\":\"ListItem\",\"position\":2,\"name\":\"Labels\"}]},{\"@type\":\"WebSite\",\"@id\":\"https:\\\/\\\/auberge-du-cedre.com\\\/#website\",\"url\":\"https:\\\/\\\/auberge-du-cedre.com\\\/\",\"name\":\"Auberge du C\u00e8dre | H\u00f4tel &amp; Restaurant en Pic Saint-Loup\",\"description\":\"Languedoc\",\"potentialAction\":[{\"@type\":\"SearchAction\",\"target\":{\"@type\":\"EntryPoint\",\"urlTemplate\":\"https:\\\/\\\/auberge-du-cedre.com\\\/?s={search_term_string}\"},\"query-input\":{\"@type\":\"PropertyValueSpecification\",\"valueRequired\":true,\"valueName\":\"search_term_string\"}}],\"inLanguage\":\"de\"}]}<\/script>\n<!-- \/ Yoast SEO plugin. -->","yoast_head_json":{"title":"Labels - Auberge du C\u00e8dre | H\u00f4tel &amp; Restaurant en Pic Saint-Loup","robots":{"index":"index","follow":"follow","max-snippet":"max-snippet:-1","max-image-preview":"max-image-preview:large","max-video-preview":"max-video-preview:-1"},"canonical":"https:\/\/auberge-du-cedre.com\/de\/labels\/","og_locale":"de_DE","og_type":"article","og_title":"Labels - Auberge du C\u00e8dre | H\u00f4tel &amp; Restaurant en Pic Saint-Loup","og_description":"[vc_row full_width=&#8220;stretch_row_content_no_spaces&#8220; equal_height=&#8220;yes&#8220; content_placement=&#8220;middle&#8220; css=&#8220;.vc_custom_1541436102336{background-color: #f7f2f2 !important;}&#8220;][vc_column width=&#8220;1\/3&#8243; offset=&#8220;vc_hidden-lg vc_hidden-md vc_hidden-sm vc_hidden-xs&#8220;][vc_column_text css=&#8220;.vc_custom_1728820788480{padding-top: 20px !important;padding-right: 65px !important;padding-bottom: 20px !important;padding-left: 65px !important;}&#8220;][\/vc_column_text][\/vc_column][vc_column width=&#8220;2\/3&#8243; offset=&#8220;vc_hidden-lg vc_hidden-md vc_hidden-sm vc_hidden-xs&#8220;][vc_column_text css=&#8220;.vc_custom_1541435705377{padding-right: 65px !important;padding-bottom: 20px !important;padding-left: 65px !important;}&#8220;] Clef Verte &#8211; Green Key Unsere Umwelt liegt uns am Herzen und wir versuchen sie so weit wie m\u00f6glich zu respektieren. Seit [&hellip;]","og_url":"https:\/\/auberge-du-cedre.com\/de\/labels\/","og_site_name":"Auberge du C\u00e8dre | H\u00f4tel &amp; Restaurant en Pic Saint-Loup","article_publisher":"https:\/\/www.facebook.com\/aubergeducedre","article_modified_time":"2026-03-11T09:13:24+00:00","og_image":[{"width":275,"height":125,"url":"https:\/\/auberge-du-cedre.com\/wp-content\/uploads\/2024\/10\/clef-verte-275x125-1.png","type":"image\/png"}],"twitter_card":"summary_large_image","twitter_misc":{"Gesch\u00e4tzte Lesezeit":"3\u00a0Minuten"},"schema":{"@context":"https:\/\/schema.org","@graph":[{"@type":"WebPage","@id":"https:\/\/auberge-du-cedre.com\/de\/labels\/","url":"https:\/\/auberge-du-cedre.com\/de\/labels\/","name":"Labels - Auberge du C\u00e8dre | H\u00f4tel &amp; Restaurant en Pic Saint-Loup","isPartOf":{"@id":"https:\/\/auberge-du-cedre.com\/#website"},"primaryImageOfPage":{"@id":"https:\/\/auberge-du-cedre.com\/de\/labels\/#primaryimage"},"image":{"@id":"https:\/\/auberge-du-cedre.com\/de\/labels\/#primaryimage"},"thumbnailUrl":"https:\/\/auberge-du-cedre.com\/wp-content\/uploads\/2024\/10\/clef-verte-275x125-1.png","datePublished":"2018-08-06T20:10:14+00:00","dateModified":"2026-03-11T09:13:24+00:00","breadcrumb":{"@id":"https:\/\/auberge-du-cedre.com\/de\/labels\/#breadcrumb"},"inLanguage":"de","potentialAction":[{"@type":"ReadAction","target":["https:\/\/auberge-du-cedre.com\/de\/labels\/"]}]},{"@type":"ImageObject","inLanguage":"de","@id":"https:\/\/auberge-du-cedre.com\/de\/labels\/#primaryimage","url":"https:\/\/auberge-du-cedre.com\/wp-content\/uploads\/2024\/10\/clef-verte-275x125-1.png","contentUrl":"https:\/\/auberge-du-cedre.com\/wp-content\/uploads\/2024\/10\/clef-verte-275x125-1.png"},{"@type":"BreadcrumbList","@id":"https:\/\/auberge-du-cedre.com\/de\/labels\/#breadcrumb","itemListElement":[{"@type":"ListItem","position":1,"name":"Accueil","item":"https:\/\/auberge-du-cedre.com\/de\/"},{"@type":"ListItem","position":2,"name":"Labels"}]},{"@type":"WebSite","@id":"https:\/\/auberge-du-cedre.com\/#website","url":"https:\/\/auberge-du-cedre.com\/","name":"Auberge du C\u00e8dre | H\u00f4tel &amp; Restaurant en Pic Saint-Loup","description":"Languedoc","potentialAction":[{"@type":"SearchAction","target":{"@type":"EntryPoint","urlTemplate":"https:\/\/auberge-du-cedre.com\/?s={search_term_string}"},"query-input":{"@type":"PropertyValueSpecification","valueRequired":true,"valueName":"search_term_string"}}],"inLanguage":"de"}]}},"_links":{"self":[{"href":"https:\/\/auberge-du-cedre.com\/de\/wp-json\/wp\/v2\/pages\/8088","targetHints":{"allow":["GET"]}}],"collection":[{"href":"https:\/\/auberge-du-cedre.com\/de\/wp-json\/wp\/v2\/pages"}],"about":[{"href":"https:\/\/auberge-du-cedre.com\/de\/wp-json\/wp\/v2\/types\/page"}],"author":[{"embeddable":true,"href":"https:\/\/auberge-du-cedre.com\/de\/wp-json\/wp\/v2\/users\/1"}],"replies":[{"embeddable":true,"href":"https:\/\/auberge-du-cedre.com\/de\/wp-json\/wp\/v2\/comments?post=8088"}],"version-history":[{"count":25,"href":"https:\/\/auberge-du-cedre.com\/de\/wp-json\/wp\/v2\/pages\/8088\/revisions"}],"predecessor-version":[{"id":34396,"href":"https:\/\/auberge-du-cedre.com\/de\/wp-json\/wp\/v2\/pages\/8088\/revisions\/34396"}],"wp:attachment":[{"href":"https:\/\/auberge-du-cedre.com\/de\/wp-json\/wp\/v2\/media?parent=8088"}],"curies":[{"name":"wp","href":"https:\/\/api.w.org\/{rel}","templated":true}]}}