{"id":8526,"date":"2018-07-27T15:29:49","date_gmt":"2018-07-27T15:29:49","guid":{"rendered":"http:\/\/auberge-du-cedre.com\/camping\/"},"modified":"2025-11-24T13:49:55","modified_gmt":"2025-11-24T12:49:55","slug":"camping-natur","status":"publish","type":"page","link":"https:\/\/auberge-du-cedre.com\/de\/camping-natur\/","title":{"rendered":"Natur-Camping S\u00fcdfrankreich"},"content":{"rendered":"<div class=\"wpb-content-wrapper\"><p>[vc_row full_width=&#8220;stretch_row_content_no_spaces&#8220; full_height=&#8220;yes&#8220; columns_placement=&#8220;stretch&#8220; equal_height=&#8220;yes&#8220; content_placement=&#8220;middle&#8220; disable_element=&#8220;yes&#8220; css=&#8220;.vc_custom_1535057651490{margin-top: 0px !important;margin-right: 0px !important;margin-bottom: 0px !important;margin-left: 0px !important;border-right-width: 0px !important;border-left-width: 0px !important;padding-top: 0px !important;padding-right: 0px !important;padding-left: 0px !important;}&#8220;][vc_column css=&#8220;.vc_custom_1531842064131{margin-top: 0px !important;margin-bottom: 0px !important;padding-top: 0px !important;padding-right: 15px !important;padding-bottom: 0px !important;padding-left: 15px !important;}&#8220; offset=&#8220;vc_col-lg-6 vc_col-md-6 vc_col-xs-12&#8243;][vc_column_text css=&#8220;.vc_custom_1763988579670{margin-top: 0px !important;margin-bottom: 0px !important;padding-top: 25px !important;padding-right: 65px !important;padding-bottom: 30px !important;padding-left: 65px !important;}&#8220;]<\/p>\n<h1><span style=\"color: #808080; font-size: 3rem;\">unser Natur-Campingplatz<br \/>\n<\/span><\/h1>\n<h2>ein kleines Versteck im Gr\u00fcnen&#8230;<\/h2>\n<p>Neben dem Park, unter grossen B\u00e4umen oberhalb des alten Gem\u00fcsegartens, liegt unser kleiner Camping-, oder Zeltplatz.<\/p>\n<p>Es gibt 4 Stellpl\u00e4tze im Gr\u00fcnen f\u00fcr Zelte und ein Duschh\u00e4uschen mit warmer Dusche, WC, Sp\u00fcle und K\u00fchl-\/Gefrierschrank.<\/p>\n<p>Die Autos (und Camping-Cars) parken &#8211; ebenfalls im Schatten &#8211; auf dem Parkplatz direkt oberhalb der kleinen Steintreppe zum Natur-Campingplatz.<\/p>\n<p>Ein Tor gibt Zugang zum Park und der Auberge, wo man fr\u00fchst\u00fccken kann, Essen reservieren, Kaffee trinken&#8230; oder mal in den Pool tauchen.<\/p>\n<p>&nbsp;<\/p>\n<h2>&#8230; und ein neuer Wohnmobilstellplatz!<\/h2>\n<p>Wir haben jetzt drei Stellpl\u00e4tze angelegt, die speziell f\u00fcr Wohnmobile und \u00e4hnliche Fahrzeuge gedacht sind.<\/p>\n<p>Sie sind den ganzen Nachmittag \u00fcber schattig, befinden sich direkt neben dem Campingplatz und bieten Zugang zu den Sanit\u00e4ranlagen.<\/p>\n<p>Die Wohnmobil-Stellpl\u00e4tze verf\u00fcgen \u00fcber einen 230 V CEE P17-Anschluss sowie einen Trinkwasseranschluss.<\/p>\n<p><a href=\"https:\/\/auberge-du-cedre.com\/wp-content\/uploads\/2025\/11\/Camping.jpg\" target=\"_blank\" rel=\"noopener noreferrer\">Tarif ab 24\u20ac\/Stellplatz<\/a>[\/vc_column_text][vc_btn title=&#8220;RESERVIEREN&#8220; style=&#8220;outline&#8220; color=&#8220;warning&#8220; align=&#8220;right&#8220; i_icon_fontawesome=&#8220;fa fa-calendar&#8220; css=&#8220;.vc_custom_1546964658065{margin-top: 0px !important;border-top-width: 0px !important;padding-top: 0px !important;padding-right: 65px !important;padding-bottom: 20px !important;padding-left: 65px !important;}&#8220; add_icon=&#8220;true&#8220; link=&#8220;url:https%3A%2F%2Fauberge-du-cedre.com%2Fde%2Freservierungsformular%2F|||&#8220;][\/vc_column][vc_column css=&#8220;.vc_custom_1532708341389{margin-top: 0px !important;margin-right: 0px !important;margin-bottom: 0px !important;margin-left: 0px !important;border-top-width: 0px !important;border-right-width: 0px !important;border-bottom-width: 0px !important;border-left-width: 0px !important;padding-top: 0px !important;padding-right: 0px !important;padding-bottom: 0px !important;padding-left: 0px !important;background-image: url(http:\/\/auberge-du-cedre.com\/wp-content\/uploads\/2018\/07\/DSC_2018.psp_.1920.jpg?id=5682) !important;background-position: center !important;background-repeat: no-repeat !important;background-size: cover !important;}&#8220; offset=&#8220;vc_col-lg-6 vc_col-md-6 vc_col-xs-12&#8243;][vc_empty_space height=&#8220;100%&#8220;][vc_row_inner][vc_column_inner offset=&#8220;vc_hidden-lg vc_hidden-md&#8220;][vc_empty_space height=&#8220;500px&#8220;][\/vc_column_inner][\/vc_row_inner][\/vc_column][\/vc_row][vc_row full_width=&#8220;stretch_row_content_no_spaces&#8220; equal_height=&#8220;yes&#8220; content_placement=&#8220;middle&#8220; css=&#8220;.vc_custom_1536852501537{margin-top: 0px !important;margin-right: 0px !important;margin-bottom: 0px !important;margin-left: 0px !important;border-right-width: 0px !important;border-left-width: 0px !important;padding-top: 0px !important;padding-right: 0px !important;padding-bottom: 0px !important;padding-left: 0px !important;}&#8220;][vc_column css=&#8220;.vc_custom_1535199051590{margin-top: 0px !important;margin-bottom: 0px !important;padding-top: 0px !important;padding-right: 15px !important;padding-bottom: 0px !important;padding-left: 15px !important;}&#8220; offset=&#8220;vc_col-lg-6 vc_col-md-6 vc_col-xs-12&#8243;][vc_column_text css=&#8220;.vc_custom_1763988590686{margin-top: 0px !important;margin-bottom: 0px !important;padding-top: 25px !important;padding-right: 65px !important;padding-bottom: 30px !important;padding-left: 65px !important;}&#8220;]<\/p>\n<h1><span style=\"color: #808080; font-size: 3rem;\">unser Natur-Campingplatz<br \/>\n<\/span><\/h1>\n<h2>ein kleines Versteck im Gr\u00fcnen&#8230;<\/h2>\n<p>Neben dem Park, unter grossen B\u00e4umen oberhalb des alten Gem\u00fcsegartens, liegt unser kleiner Camping-, oder Zeltplatz.<\/p>\n<p>Es gibt 4 Stellpl\u00e4tze f\u00fcr Zelte und eine kleine sanit\u00e4re Anlage und\u00a0 Sp\u00fcle.<\/p>\n<p>Die Autos (und Camping-Cars) parken &#8211; ebenfalls im Schatten &#8211; auf dem Parkplatz direkt oberhalb der kleinen Steintreppe zum Natur-Campingplatz.<\/p>\n<p>Ein Tor gibt Zugang zum Park und der Auberge, wo man fr\u00fchst\u00fccken kann, Essen reservieren, Kaffee trinken&#8230; oder mal in den Pool tauchen.<\/p>\n<p><img loading=\"lazy\" decoding=\"async\" class=\"alignnone wp-image-32040\" src=\"https:\/\/auberge-du-cedre.com\/wp-content\/uploads\/2024\/03\/Sanitaire.png\" alt=\"\" width=\"24\" height=\"24\" \/> Sanit\u00e4ranlagen\u00a0\u00a0\u00a0\u00a0\u00a0\u00a0\u00a0\u00a0\u00a0\u00a0\u00a0 <img loading=\"lazy\" decoding=\"async\" class=\"\" src=\"https:\/\/auberge-du-cedre.com\/wp-content\/uploads\/2024\/03\/Douche.png\" width=\"21\" height=\"21\" \/> hei\u00dfe Dusche\u00a0\u00a0\u00a0\u00a0\u00a0\u00a0 <img loading=\"lazy\" decoding=\"async\" class=\"alignnone wp-image-32013\" src=\"https:\/\/auberge-du-cedre.com\/wp-content\/uploads\/2024\/03\/Congelateur.png\" alt=\"\" width=\"24\" height=\"24\" \/>K\u00fchlschrank<\/p>\n<h2>&#8230; und ein neuer Wohnmobilstellplatz!<\/h2>\n<p>Wir haben jetzt drei Stellpl\u00e4tze angelegt, die speziell f\u00fcr Wohnmobile und \u00e4hnliche Fahrzeuge gedacht sind.<\/p>\n<p>Sie sind den ganzen Nachmittag \u00fcber schattig, befinden sich direkt neben dem Campingplatz und bieten Zugang zu den Sanit\u00e4ranlagen.<\/p>\n<p><img loading=\"lazy\" decoding=\"async\" class=\"alignnone wp-image-32047\" src=\"https:\/\/auberge-du-cedre.com\/wp-content\/uploads\/2024\/03\/Branchement-elec.png\" alt=\"\" width=\"24\" height=\"24\" \/>\u00a0 Stromanschluss\u00a0\u00a0\u00a0\u00a0\u00a0\u00a0\u00a0\u00a0\u00a0\u00a0\u00a0 <img loading=\"lazy\" decoding=\"async\" class=\"alignnone wp-image-32044\" src=\"https:\/\/auberge-du-cedre.com\/wp-content\/uploads\/2024\/03\/Branchement-eau.png\" alt=\"\" width=\"24\" height=\"24\" \/>Wasseranschluss<\/p>\n<p><a href=\"https:\/\/auberge-du-cedre.com\/wp-content\/uploads\/2025\/11\/Camping.jpg\" target=\"_blank\" rel=\"noopener noreferrer\">Tarif<\/a>[\/vc_column_text][vc_row_inner content_placement=&#8220;bottom&#8220;][vc_column_inner width=&#8220;1\/2&#8243;][vc_column_text css=&#8220;.vc_custom_1566935263634{padding-right: 65px !important;padding-left: 65px !important;}&#8220;]<a href=\"https:\/\/rural-camping.com\/france\/\" target=\"_blank\" rel=\"noopener noreferrer\"><img loading=\"lazy\" decoding=\"async\" class=\"alignnone\" src=\"https:\/\/rural-camping.com\/logorcf140.jpg\" alt=\"Rural Camping France\" width=\"140\" height=\"63\" \/><\/a><\/p>\n<div id=\"s3gt_translate_tooltip_mini\" class=\"s3gt_translate_tooltip_mini_box\" style=\"background: initial !important; border: initial !important; border-radius: initial !important; border-spacing: initial !important; border-collapse: initial !important; direction: ltr !important; flex-direction: initial !important; font-weight: initial !important; height: initial !important; letter-spacing: initial !important; min-width: initial !important; max-width: initial !important; min-height: initial !important; max-height: initial !important; margin: auto !important; outline: initial !important; padding: initial !important; position: absolute; table-layout: initial !important; text-align: initial !important; text-shadow: initial !important; width: initial !important; word-break: initial !important; word-spacing: initial !important; overflow-wrap: initial !important; box-sizing: initial !important; display: initial !important; color: inherit !important; font-size: 13px !important; font-family: X-LocaleSpecific, sans-serif, Tahoma, Helvetica !important; line-height: 13px !important; vertical-align: top !important; white-space: inherit !important; left: 10px; top: 144px; opacity: 0.2;\">\n<div id=\"s3gt_translate_tooltip_mini_logo\" class=\"s3gt_translate_tooltip_mini\" title=\"Traduire le texte s\u00e9lectionn\u00e9\"><\/div>\n<div id=\"s3gt_translate_tooltip_mini_sound\" class=\"s3gt_translate_tooltip_mini\" title=\"Lecture\"><\/div>\n<div id=\"s3gt_translate_tooltip_mini_copy\" class=\"s3gt_translate_tooltip_mini\" title=\"Copier le texte dans le presse-papiers\"><\/div>\n<\/div>\n<div id=\"s3gt_translate_tooltip_mini\" class=\"s3gt_translate_tooltip_mini_box\" style=\"background: initial !important; border: initial !important; border-radius: initial !important; border-spacing: initial !important; border-collapse: initial !important; direction: ltr !important; flex-direction: initial !important; font-weight: initial !important; height: initial !important; letter-spacing: initial !important; min-width: initial !important; max-width: initial !important; min-height: initial !important; max-height: initial !important; margin: auto !important; outline: initial !important; padding: initial !important; position: absolute; table-layout: initial !important; text-align: initial !important; text-shadow: initial !important; width: initial !important; word-break: initial !important; word-spacing: initial !important; overflow-wrap: initial !important; box-sizing: initial !important; display: initial !important; color: inherit !important; font-size: 13px !important; font-family: X-LocaleSpecific, sans-serif, Tahoma, Helvetica !important; line-height: 13px !important; vertical-align: top !important; white-space: inherit !important; left: 10px; top: 35px; opacity: 0.7;\">\n<div id=\"s3gt_translate_tooltip_mini_logo\" class=\"s3gt_translate_tooltip_mini\" title=\"Traduire le texte s\u00e9lectionn\u00e9\"><\/div>\n<div id=\"s3gt_translate_tooltip_mini_sound\" class=\"s3gt_translate_tooltip_mini\" title=\"Lecture\"><\/div>\n<div id=\"s3gt_translate_tooltip_mini_copy\" class=\"s3gt_translate_tooltip_mini\" title=\"Copier le texte dans le presse-papiers\"><\/div>\n<\/div>\n<div id=\"s3gt_translate_tooltip_mini\" class=\"s3gt_translate_tooltip_mini_box\" style=\"background: initial !important; border: initial !important; border-radius: initial !important; border-spacing: initial !important; border-collapse: initial !important; direction: ltr !important; flex-direction: initial !important; font-weight: initial !important; height: initial !important; letter-spacing: initial !important; min-width: initial !important; max-width: initial !important; min-height: initial !important; max-height: initial !important; margin: auto !important; outline: initial !important; padding: initial !important; position: absolute; table-layout: initial !important; text-align: initial !important; text-shadow: initial !important; width: initial !important; word-break: initial !important; word-spacing: initial !important; overflow-wrap: initial !important; box-sizing: initial !important; display: initial !important; color: inherit !important; font-size: 13px !important; font-family: X-LocaleSpecific, sans-serif, Tahoma, Helvetica !important; line-height: 13px !important; vertical-align: top !important; white-space: inherit !important; left: 638px; top: 172px; opacity: 0.4;\">\n<div id=\"s3gt_translate_tooltip_mini_logo\" class=\"s3gt_translate_tooltip_mini\" title=\"Traduire le texte s\u00e9lectionn\u00e9\"><\/div>\n<div id=\"s3gt_translate_tooltip_mini_sound\" class=\"s3gt_translate_tooltip_mini\" title=\"Lecture\"><\/div>\n<div id=\"s3gt_translate_tooltip_mini_copy\" class=\"s3gt_translate_tooltip_mini\" title=\"Copier le texte dans le presse-papiers\"><\/div>\n<\/div>\n<div id=\"s3gt_translate_tooltip_mini\" class=\"s3gt_translate_tooltip_mini_box\" style=\"background: initial !important; border: initial !important; border-radius: initial !important; border-spacing: initial !important; border-collapse: initial !important; direction: ltr !important; flex-direction: initial !important; font-weight: initial !important; height: initial !important; letter-spacing: initial !important; min-width: initial !important; max-width: initial !important; min-height: initial !important; max-height: initial !important; margin: auto !important; outline: initial !important; padding: initial !important; position: absolute; table-layout: initial !important; text-align: initial !important; text-shadow: initial !important; width: initial !important; word-break: initial !important; word-spacing: initial !important; overflow-wrap: initial !important; box-sizing: initial !important; display: initial !important; color: inherit !important; font-size: 13px !important; font-family: X-LocaleSpecific, sans-serif, Tahoma, Helvetica !important; line-height: 13px !important; vertical-align: top !important; white-space: inherit !important; left: 621px; top: 179px; opacity: 0.75;\">\n<div id=\"s3gt_translate_tooltip_mini_logo\" class=\"s3gt_translate_tooltip_mini\" title=\"Traduire le texte s\u00e9lectionn\u00e9\"><\/div>\n<div id=\"s3gt_translate_tooltip_mini_sound\" class=\"s3gt_translate_tooltip_mini\" title=\"Lecture\"><\/div>\n<div id=\"s3gt_translate_tooltip_mini_copy\" class=\"s3gt_translate_tooltip_mini\" title=\"Copier le texte dans le presse-papiers\"><\/div>\n<\/div>\n<div id=\"s3gt_translate_tooltip_mini\" class=\"s3gt_translate_tooltip_mini_box\" style=\"background: initial !important; border: initial !important; border-radius: initial !important; border-spacing: initial !important; border-collapse: initial !important; direction: ltr !important; flex-direction: initial !important; font-weight: initial !important; height: initial !important; letter-spacing: initial !important; min-width: initial !important; max-width: initial !important; min-height: initial !important; max-height: initial !important; margin: auto !important; outline: initial !important; padding: initial !important; position: absolute; table-layout: initial !important; text-align: initial !important; text-shadow: initial !important; width: initial !important; word-break: initial !important; word-spacing: initial !important; overflow-wrap: initial !important; box-sizing: initial !important; display: initial !important; color: inherit !important; font-size: 13px !important; font-family: X-LocaleSpecific, sans-serif, Tahoma, Helvetica !important; line-height: 13px !important; vertical-align: top !important; white-space: inherit !important; left: 111px; top: 53px; opacity: 0.35;\">\n<div id=\"s3gt_translate_tooltip_mini_logo\" class=\"s3gt_translate_tooltip_mini\" title=\"Traduire le texte s\u00e9lectionn\u00e9\"><\/div>\n<div id=\"s3gt_translate_tooltip_mini_sound\" class=\"s3gt_translate_tooltip_mini\" title=\"Lecture\"><\/div>\n<div id=\"s3gt_translate_tooltip_mini_copy\" class=\"s3gt_translate_tooltip_mini\" title=\"Copier le texte dans le presse-papiers\"><\/div>\n<\/div>\n<p>[\/vc_column_text][\/vc_column_inner][vc_column_inner width=&#8220;1\/2&#8243;][vc_btn title=&#8220;RESERVIEREN&#8220; style=&#8220;outline&#8220; color=&#8220;warning&#8220; align=&#8220;right&#8220; i_icon_fontawesome=&#8220;fa fa-calendar&#8220; css=&#8220;.vc_custom_1546964684488{margin-top: 0px !important;margin-bottom: 0px !important;border-top-width: 0px !important;padding-top: 0px !important;padding-right: 65px !important;padding-bottom: 20px !important;padding-left: 65px !important;}&#8220; add_icon=&#8220;true&#8220; link=&#8220;url:https%3A%2F%2Fauberge-du-cedre.com%2Fde%2Freservierungsformular%2F|||&#8220;][\/vc_column_inner][\/vc_row_inner][\/vc_column][vc_column css=&#8220;.vc_custom_1535057675837{margin-top: 0px !important;margin-right: 0px !important;margin-bottom: 0px !important;margin-left: 0px !important;border-top-width: 0px !important;border-right-width: 0px !important;border-bottom-width: 0px !important;border-left-width: 0px !important;padding-top: 0px !important;padding-right: 0px !important;padding-bottom: 0px !important;padding-left: 0px !important;}&#8220; offset=&#8220;vc_col-lg-6 vc_col-md-6 vc_col-xs-12&#8243;]<div class=\"avt_masterslider_el \" >\n\t\t<!-- MasterSlider -->\n\t\t<div id=\"P_MS66753191d3bac\" class=\"master-slider-parent ms-parent-id-47\" style=\"\" >\n\n\t\t\t\n\t\t\t<!-- MasterSlider Main -->\n\t\t\t<div id=\"MS66753191d3bac\" class=\"master-slider ms-skin-calluna\" >\n\t\t\t\t \t\t\t\t \n\t\t\t<div  class=\"ms-slide\" data-delay=\"3\" data-fill-mode=\"fill\"   >\n\t\t\t\t\t<img decoding=\"async\" src=\"https:\/\/auberge-du-cedre.com\/wp-content\/plugins\/masterslider\/public\/assets\/css\/blank.gif\" alt=\"\" title=\"Camping\" data-src=\"https:\/\/auberge-du-cedre.com\/wp-content\/uploads\/2018\/07\/DSC_2018.psp_.1920.jpg\" \/>\n\n\n\t\t\t\t<\/div>\n\t\t\t<div  class=\"ms-slide\" data-delay=\"3\" data-fill-mode=\"fill\"   >\n\t\t\t\t\t<img decoding=\"async\" src=\"https:\/\/auberge-du-cedre.com\/wp-content\/plugins\/masterslider\/public\/assets\/css\/blank.gif\" alt=\"\" title=\"Aire de camping car\" data-src=\"https:\/\/auberge-du-cedre.com\/wp-content\/uploads\/2022\/10\/IMG_6445-scaled.jpg\" \/>\n\n\n\t\t\t\t<\/div>\n\t\t\t<div  class=\"ms-slide\" data-delay=\"3\" data-fill-mode=\"fill\"   >\n\t\t\t\t\t<img decoding=\"async\" src=\"https:\/\/auberge-du-cedre.com\/wp-content\/plugins\/masterslider\/public\/assets\/css\/blank.gif\" alt=\"\" title=\"Aire de camping-car\" data-src=\"https:\/\/auberge-du-cedre.com\/wp-content\/uploads\/2022\/04\/IMG_4240.1-scaled.jpg\" \/>\n\n\n\t\t\t\t<\/div>\n\t\t\t<div  class=\"ms-slide\" data-delay=\"2.5\" data-fill-mode=\"fill\"   >\n\t\t\t\t\t<img decoding=\"async\" src=\"https:\/\/auberge-du-cedre.com\/wp-content\/plugins\/masterslider\/public\/assets\/css\/blank.gif\" alt=\"\" title=\"IMG_1994.960\" data-src=\"https:\/\/auberge-du-cedre.com\/wp-content\/uploads\/2018\/08\/IMG_1994.960.jpg\" \/>\n\n\n\t\t\t\t<\/div>\n\t\t\t<div  class=\"ms-slide\" data-delay=\"2.5\" data-fill-mode=\"fill\"   >\n\t\t\t\t\t<img decoding=\"async\" src=\"https:\/\/auberge-du-cedre.com\/wp-content\/plugins\/masterslider\/public\/assets\/css\/blank.gif\" alt=\"\" title=\"IMG_1985.960.960\" data-src=\"https:\/\/auberge-du-cedre.com\/wp-content\/uploads\/2018\/08\/IMG_1985.960.960.jpg\" \/>\n\n\n\t\t\t\t<\/div>\n\t\t\t<div  class=\"ms-slide\" data-delay=\"3\" data-fill-mode=\"fill\"   >\n\t\t\t\t\t<img decoding=\"async\" src=\"https:\/\/auberge-du-cedre.com\/wp-content\/plugins\/masterslider\/public\/assets\/css\/blank.gif\" alt=\"\" title=\"IMG_4966.1\" data-src=\"https:\/\/auberge-du-cedre.com\/wp-content\/uploads\/2022\/04\/IMG_4966.1-scaled-e1649538607339.jpg\" \/>\n\n\n\t\t\t\t<\/div>\n\t\t\t<div  class=\"ms-slide\" data-delay=\"2.5\" data-fill-mode=\"fill\"   >\n\t\t\t\t\t<img decoding=\"async\" src=\"https:\/\/auberge-du-cedre.com\/wp-content\/plugins\/masterslider\/public\/assets\/css\/blank.gif\" alt=\"\" title=\"camping_04.H960\" data-src=\"https:\/\/auberge-du-cedre.com\/wp-content\/uploads\/2018\/08\/camping_04.H960.jpg\" \/>\n\n\n\t\t\t\t<\/div>\n\t\t\t<div  class=\"ms-slide\" data-delay=\"2\" data-fill-mode=\"fill\"   >\n\t\t\t\t\t<img decoding=\"async\" src=\"https:\/\/auberge-du-cedre.com\/wp-content\/plugins\/masterslider\/public\/assets\/css\/blank.gif\" alt=\"\" title=\"IMG_1983.960.960\" data-src=\"https:\/\/auberge-du-cedre.com\/wp-content\/uploads\/2018\/08\/IMG_1983.960.960-2.jpg\" \/>\n\n\n\t\t\t\t<\/div>\n\t\t\t<div  class=\"ms-slide\" data-delay=\"2.5\" data-fill-mode=\"fill\"   >\n\t\t\t\t\t<img decoding=\"async\" src=\"https:\/\/auberge-du-cedre.com\/wp-content\/plugins\/masterslider\/public\/assets\/css\/blank.gif\" alt=\"\" title=\"Fouque 4I6A1022.960.960\" data-src=\"https:\/\/auberge-du-cedre.com\/wp-content\/uploads\/2018\/08\/Fouque-4I6A1022.960.960.jpg\" \/>\n\n\n\t\t\t\t<\/div>\n\t\t\t<div  class=\"ms-slide\" data-delay=\"3\" data-fill-mode=\"fill\"   >\n\t\t\t\t\t<img decoding=\"async\" src=\"https:\/\/auberge-du-cedre.com\/wp-content\/plugins\/masterslider\/public\/assets\/css\/blank.gif\" alt=\"\" title=\"Aire de camping-car\" data-src=\"https:\/\/auberge-du-cedre.com\/wp-content\/uploads\/2022\/04\/IMG_4237.1-scaled.jpg\" \/>\n\n\n\t\t\t\t<\/div>\n\t\t\t<div  class=\"ms-slide\" data-delay=\"2.5\" data-fill-mode=\"fill\"   >\n\t\t\t\t\t<img decoding=\"async\" src=\"https:\/\/auberge-du-cedre.com\/wp-content\/plugins\/masterslider\/public\/assets\/css\/blank.gif\" alt=\"\" title=\"DSC_2022.H960\" data-src=\"https:\/\/auberge-du-cedre.com\/wp-content\/uploads\/2018\/08\/DSC_2022.H960.jpg\" \/>\n\n\n\t\t\t\t<\/div>\n\n\t\t\t<\/div>\n\t\t\t<!-- END MasterSlider Main -->\n\n\t\t\t \n\t\t<\/div>\n\t\t<!-- END MasterSlider -->\n\n\t\t<script>\n\t\t( window.MSReady = window.MSReady || [] ).push( function( $ ) {\n\n\t\t\t\"use strict\";\n\t\t\tvar masterslider_3bac = new MasterSlider();\n\n\t\t\t\/\/ slider controls\n\t\t\tmasterslider_3bac.control('arrows'     ,{ autohide:true, overVideo:true  });\n\t\t\tmasterslider_3bac.control('bullets'    ,{ autohide:false, overVideo:false, dir:'h', align:'bottom', space:6 , margin:10  });\n\t\t\t\/\/ slider setup\n\t\t\tmasterslider_3bac.setup(\"MS66753191d3bac\", {\n\t\t\t\twidth           : 1000,\n\t\t\t\theight          : 500,\n\t\t\t\tminHeight       : 630,\n\t\t\t\tspace           : 0,\n\t\t\t\tstart           : 1,\n\t\t\t\tgrabCursor      : true,\n\t\t\t\tswipe           : true,\n\t\t\t\tmouse           : true,\n\t\t\t\tkeyboard        : true,\n\t\t\t\tlayout          : \"fillwidth\",\n\t\t\t\twheel           : false,\n\t\t\t\tautoplay        : false,\n                instantStartLayers:true,\n\t\t\t\tmobileBGVideo:false,\n\t\t\t\tloop            : true,\n\t\t\t\tshuffle         : false,\n\t\t\t\tpreload         : 0,\n\t\t\t\theightLimit     : true,\n\t\t\t\tautoHeight      : false,\n\t\t\t\tsmoothHeight    : true,\n\t\t\t\tendPause        : false,\n\t\t\t\toverPause       : false,\n\t\t\t\tfillMode        : \"fill\",\n\t\t\t\tcenterControls  : true,\n\t\t\t\tstartOnAppear   : true,\n\t\t\t\tlayersMode      : \"center\",\n\t\t\t\tautofillTarget  : \"#row-camping\",\n\t\t\t\thideLayers      : true,\n\t\t\t\tfullscreenMargin: 0,\n\t\t\t\tspeed           : 5,\n\t\t\t\tdir             : \"h\",\n\t\t\t\tresponsive      : true,\n\t\t\t\ttabletWidth     : 768,\n\t\t\t\ttabletHeight    : null,\n\t\t\t\tphoneWidth      : 480,\n\t\t\t\tphoneHeight    : null,\n\t\t\t\tsizingReference : window,\n\t\t\t\tparallaxMode    : 'swipe',\n\t\t\t\tview            : \"fade\"\n\t\t\t});\n\n\t\t\t\n\t\t\twindow.masterslider_instances = window.masterslider_instances || [];\n\t\t\twindow.masterslider_instances.push( masterslider_3bac );\n\t\t});\n\t\t<\/script>\n\n<\/div>[\/vc_column][\/vc_row]<\/p>\n<\/div>","protected":false},"excerpt":{"rendered":"<p>[vc_row full_width=&#8220;stretch_row_content_no_spaces&#8220; full_height=&#8220;yes&#8220; columns_placement=&#8220;stretch&#8220; equal_height=&#8220;yes&#8220; content_placement=&#8220;middle&#8220; disable_element=&#8220;yes&#8220; css=&#8220;.vc_custom_1535057651490{margin-top: 0px !important;margin-right: 0px !important;margin-bottom: 0px !important;margin-left: 0px !important;border-right-width: 0px !important;border-left-width: 0px !important;padding-top: 0px !important;padding-right: 0px !important;padding-left: 0px !important;}&#8220;][vc_column css=&#8220;.vc_custom_1531842064131{margin-top: 0px !important;margin-bottom: 0px !important;padding-top: 0px !important;padding-right: 15px !important;padding-bottom: 0px !important;padding-left: 15px !important;}&#8220; offset=&#8220;vc_col-lg-6 vc_col-md-6 vc_col-xs-12&#8243;][vc_column_text css=&#8220;.vc_custom_1763988579670{margin-top: 0px !important;margin-bottom: 0px !important;padding-top: 25px !important;padding-right: 65px !important;padding-bottom: 30px !important;padding-left: 65px !important;}&#8220;] [&hellip;]<\/p>\n","protected":false},"author":1,"featured_media":0,"parent":0,"menu_order":0,"comment_status":"closed","ping_status":"closed","template":"","meta":{"footnotes":""},"class_list":["post-8526","page","type-page","status-publish","hentry"],"yoast_head":"<!-- This site is optimized with the Yoast SEO plugin v27.5 - https:\/\/yoast.com\/product\/yoast-seo-wordpress\/ -->\n<title>Natur-Camping S\u00fcdfrankreich - Auberge du C\u00e8dre | H\u00f4tel &amp; Restaurant en Pic Saint-Loup<\/title>\n<meta name=\"robots\" content=\"index, follow, max-snippet:-1, max-image-preview:large, max-video-preview:-1\" \/>\n<link rel=\"canonical\" href=\"https:\/\/auberge-du-cedre.com\/de\/camping-natur\/\" \/>\n<meta property=\"og:locale\" content=\"de_DE\" \/>\n<meta property=\"og:type\" content=\"article\" \/>\n<meta property=\"og:title\" content=\"Natur-Camping S\u00fcdfrankreich - Auberge du C\u00e8dre | H\u00f4tel &amp; Restaurant en Pic Saint-Loup\" \/>\n<meta property=\"og:description\" content=\"[vc_row full_width=&#8220;stretch_row_content_no_spaces&#8220; full_height=&#8220;yes&#8220; columns_placement=&#8220;stretch&#8220; equal_height=&#8220;yes&#8220; content_placement=&#8220;middle&#8220; disable_element=&#8220;yes&#8220; css=&#8220;.vc_custom_1535057651490{margin-top: 0px !important;margin-right: 0px !important;margin-bottom: 0px !important;margin-left: 0px !important;border-right-width: 0px !important;border-left-width: 0px !important;padding-top: 0px !important;padding-right: 0px !important;padding-left: 0px !important;}&#8220;][vc_column css=&#8220;.vc_custom_1531842064131{margin-top: 0px !important;margin-bottom: 0px !important;padding-top: 0px !important;padding-right: 15px !important;padding-bottom: 0px !important;padding-left: 15px !important;}&#8220; offset=&#8220;vc_col-lg-6 vc_col-md-6 vc_col-xs-12&#8243;][vc_column_text css=&#8220;.vc_custom_1763988579670{margin-top: 0px !important;margin-bottom: 0px !important;padding-top: 25px !important;padding-right: 65px !important;padding-bottom: 30px !important;padding-left: 65px !important;}&#8220;] [&hellip;]\" \/>\n<meta property=\"og:url\" content=\"https:\/\/auberge-du-cedre.com\/de\/camping-natur\/\" \/>\n<meta property=\"og:site_name\" content=\"Auberge du C\u00e8dre | H\u00f4tel &amp; Restaurant en Pic Saint-Loup\" \/>\n<meta property=\"article:publisher\" content=\"https:\/\/www.facebook.com\/aubergeducedre\" \/>\n<meta property=\"article:modified_time\" content=\"2025-11-24T12:49:55+00:00\" \/>\n<meta property=\"og:image\" content=\"https:\/\/auberge-du-cedre.com\/wp-content\/uploads\/2024\/03\/Sanitaire.png\" \/>\n\t<meta property=\"og:image:width\" content=\"64\" \/>\n\t<meta property=\"og:image:height\" content=\"64\" \/>\n\t<meta property=\"og:image:type\" content=\"image\/png\" \/>\n<meta name=\"twitter:card\" content=\"summary_large_image\" \/>\n<meta name=\"twitter:label1\" content=\"Gesch\u00e4tzte Lesezeit\" \/>\n\t<meta name=\"twitter:data1\" content=\"4\u00a0Minuten\" \/>\n<script type=\"application\/ld+json\" class=\"yoast-schema-graph\">{\"@context\":\"https:\\\/\\\/schema.org\",\"@graph\":[{\"@type\":\"WebPage\",\"@id\":\"https:\\\/\\\/auberge-du-cedre.com\\\/de\\\/camping-natur\\\/\",\"url\":\"https:\\\/\\\/auberge-du-cedre.com\\\/de\\\/camping-natur\\\/\",\"name\":\"Natur-Camping S\u00fcdfrankreich - Auberge du C\u00e8dre | H\u00f4tel &amp; Restaurant en Pic Saint-Loup\",\"isPartOf\":{\"@id\":\"https:\\\/\\\/auberge-du-cedre.com\\\/#website\"},\"primaryImageOfPage\":{\"@id\":\"https:\\\/\\\/auberge-du-cedre.com\\\/de\\\/camping-natur\\\/#primaryimage\"},\"image\":{\"@id\":\"https:\\\/\\\/auberge-du-cedre.com\\\/de\\\/camping-natur\\\/#primaryimage\"},\"thumbnailUrl\":\"https:\\\/\\\/auberge-du-cedre.com\\\/wp-content\\\/uploads\\\/2024\\\/03\\\/Sanitaire.png\",\"datePublished\":\"2018-07-27T15:29:49+00:00\",\"dateModified\":\"2025-11-24T12:49:55+00:00\",\"breadcrumb\":{\"@id\":\"https:\\\/\\\/auberge-du-cedre.com\\\/de\\\/camping-natur\\\/#breadcrumb\"},\"inLanguage\":\"de\",\"potentialAction\":[{\"@type\":\"ReadAction\",\"target\":[\"https:\\\/\\\/auberge-du-cedre.com\\\/de\\\/camping-natur\\\/\"]}]},{\"@type\":\"ImageObject\",\"inLanguage\":\"de\",\"@id\":\"https:\\\/\\\/auberge-du-cedre.com\\\/de\\\/camping-natur\\\/#primaryimage\",\"url\":\"https:\\\/\\\/auberge-du-cedre.com\\\/wp-content\\\/uploads\\\/2024\\\/03\\\/Sanitaire.png\",\"contentUrl\":\"https:\\\/\\\/auberge-du-cedre.com\\\/wp-content\\\/uploads\\\/2024\\\/03\\\/Sanitaire.png\"},{\"@type\":\"BreadcrumbList\",\"@id\":\"https:\\\/\\\/auberge-du-cedre.com\\\/de\\\/camping-natur\\\/#breadcrumb\",\"itemListElement\":[{\"@type\":\"ListItem\",\"position\":1,\"name\":\"Accueil\",\"item\":\"https:\\\/\\\/auberge-du-cedre.com\\\/de\\\/\"},{\"@type\":\"ListItem\",\"position\":2,\"name\":\"Natur-Camping S\u00fcdfrankreich\"}]},{\"@type\":\"WebSite\",\"@id\":\"https:\\\/\\\/auberge-du-cedre.com\\\/#website\",\"url\":\"https:\\\/\\\/auberge-du-cedre.com\\\/\",\"name\":\"Auberge du C\u00e8dre | H\u00f4tel &amp; Restaurant en Pic Saint-Loup\",\"description\":\"Languedoc\",\"potentialAction\":[{\"@type\":\"SearchAction\",\"target\":{\"@type\":\"EntryPoint\",\"urlTemplate\":\"https:\\\/\\\/auberge-du-cedre.com\\\/?s={search_term_string}\"},\"query-input\":{\"@type\":\"PropertyValueSpecification\",\"valueRequired\":true,\"valueName\":\"search_term_string\"}}],\"inLanguage\":\"de\"}]}<\/script>\n<!-- \/ Yoast SEO plugin. -->","yoast_head_json":{"title":"Natur-Camping S\u00fcdfrankreich - Auberge du C\u00e8dre | H\u00f4tel &amp; Restaurant en Pic Saint-Loup","robots":{"index":"index","follow":"follow","max-snippet":"max-snippet:-1","max-image-preview":"max-image-preview:large","max-video-preview":"max-video-preview:-1"},"canonical":"https:\/\/auberge-du-cedre.com\/de\/camping-natur\/","og_locale":"de_DE","og_type":"article","og_title":"Natur-Camping S\u00fcdfrankreich - Auberge du C\u00e8dre | H\u00f4tel &amp; Restaurant en Pic Saint-Loup","og_description":"[vc_row full_width=&#8220;stretch_row_content_no_spaces&#8220; full_height=&#8220;yes&#8220; columns_placement=&#8220;stretch&#8220; equal_height=&#8220;yes&#8220; content_placement=&#8220;middle&#8220; disable_element=&#8220;yes&#8220; css=&#8220;.vc_custom_1535057651490{margin-top: 0px !important;margin-right: 0px !important;margin-bottom: 0px !important;margin-left: 0px !important;border-right-width: 0px !important;border-left-width: 0px !important;padding-top: 0px !important;padding-right: 0px !important;padding-left: 0px !important;}&#8220;][vc_column css=&#8220;.vc_custom_1531842064131{margin-top: 0px !important;margin-bottom: 0px !important;padding-top: 0px !important;padding-right: 15px !important;padding-bottom: 0px !important;padding-left: 15px !important;}&#8220; offset=&#8220;vc_col-lg-6 vc_col-md-6 vc_col-xs-12&#8243;][vc_column_text css=&#8220;.vc_custom_1763988579670{margin-top: 0px !important;margin-bottom: 0px !important;padding-top: 25px !important;padding-right: 65px !important;padding-bottom: 30px !important;padding-left: 65px !important;}&#8220;] [&hellip;]","og_url":"https:\/\/auberge-du-cedre.com\/de\/camping-natur\/","og_site_name":"Auberge du C\u00e8dre | H\u00f4tel &amp; Restaurant en Pic Saint-Loup","article_publisher":"https:\/\/www.facebook.com\/aubergeducedre","article_modified_time":"2025-11-24T12:49:55+00:00","og_image":[{"width":64,"height":64,"url":"https:\/\/auberge-du-cedre.com\/wp-content\/uploads\/2024\/03\/Sanitaire.png","type":"image\/png"}],"twitter_card":"summary_large_image","twitter_misc":{"Gesch\u00e4tzte Lesezeit":"4\u00a0Minuten"},"schema":{"@context":"https:\/\/schema.org","@graph":[{"@type":"WebPage","@id":"https:\/\/auberge-du-cedre.com\/de\/camping-natur\/","url":"https:\/\/auberge-du-cedre.com\/de\/camping-natur\/","name":"Natur-Camping S\u00fcdfrankreich - Auberge du C\u00e8dre | H\u00f4tel &amp; Restaurant en Pic Saint-Loup","isPartOf":{"@id":"https:\/\/auberge-du-cedre.com\/#website"},"primaryImageOfPage":{"@id":"https:\/\/auberge-du-cedre.com\/de\/camping-natur\/#primaryimage"},"image":{"@id":"https:\/\/auberge-du-cedre.com\/de\/camping-natur\/#primaryimage"},"thumbnailUrl":"https:\/\/auberge-du-cedre.com\/wp-content\/uploads\/2024\/03\/Sanitaire.png","datePublished":"2018-07-27T15:29:49+00:00","dateModified":"2025-11-24T12:49:55+00:00","breadcrumb":{"@id":"https:\/\/auberge-du-cedre.com\/de\/camping-natur\/#breadcrumb"},"inLanguage":"de","potentialAction":[{"@type":"ReadAction","target":["https:\/\/auberge-du-cedre.com\/de\/camping-natur\/"]}]},{"@type":"ImageObject","inLanguage":"de","@id":"https:\/\/auberge-du-cedre.com\/de\/camping-natur\/#primaryimage","url":"https:\/\/auberge-du-cedre.com\/wp-content\/uploads\/2024\/03\/Sanitaire.png","contentUrl":"https:\/\/auberge-du-cedre.com\/wp-content\/uploads\/2024\/03\/Sanitaire.png"},{"@type":"BreadcrumbList","@id":"https:\/\/auberge-du-cedre.com\/de\/camping-natur\/#breadcrumb","itemListElement":[{"@type":"ListItem","position":1,"name":"Accueil","item":"https:\/\/auberge-du-cedre.com\/de\/"},{"@type":"ListItem","position":2,"name":"Natur-Camping S\u00fcdfrankreich"}]},{"@type":"WebSite","@id":"https:\/\/auberge-du-cedre.com\/#website","url":"https:\/\/auberge-du-cedre.com\/","name":"Auberge du C\u00e8dre | H\u00f4tel &amp; Restaurant en Pic Saint-Loup","description":"Languedoc","potentialAction":[{"@type":"SearchAction","target":{"@type":"EntryPoint","urlTemplate":"https:\/\/auberge-du-cedre.com\/?s={search_term_string}"},"query-input":{"@type":"PropertyValueSpecification","valueRequired":true,"valueName":"search_term_string"}}],"inLanguage":"de"}]}},"_links":{"self":[{"href":"https:\/\/auberge-du-cedre.com\/de\/wp-json\/wp\/v2\/pages\/8526","targetHints":{"allow":["GET"]}}],"collection":[{"href":"https:\/\/auberge-du-cedre.com\/de\/wp-json\/wp\/v2\/pages"}],"about":[{"href":"https:\/\/auberge-du-cedre.com\/de\/wp-json\/wp\/v2\/types\/page"}],"author":[{"embeddable":true,"href":"https:\/\/auberge-du-cedre.com\/de\/wp-json\/wp\/v2\/users\/1"}],"replies":[{"embeddable":true,"href":"https:\/\/auberge-du-cedre.com\/de\/wp-json\/wp\/v2\/comments?post=8526"}],"version-history":[{"count":41,"href":"https:\/\/auberge-du-cedre.com\/de\/wp-json\/wp\/v2\/pages\/8526\/revisions"}],"predecessor-version":[{"id":34328,"href":"https:\/\/auberge-du-cedre.com\/de\/wp-json\/wp\/v2\/pages\/8526\/revisions\/34328"}],"wp:attachment":[{"href":"https:\/\/auberge-du-cedre.com\/de\/wp-json\/wp\/v2\/media?parent=8526"}],"curies":[{"name":"wp","href":"https:\/\/api.w.org\/{rel}","templated":true}]}}